{"id":5019,"date":"2026-01-23T13:37:34","date_gmt":"2026-01-23T19:37:34","guid":{"rendered":"https:\/\/www.cafeygourmet.com\/negocios-247\/Expositores\/euro-te\/"},"modified":"2026-01-23T16:18:51","modified_gmt":"2026-01-23T22:18:51","slug":"euro-te","status":"publish","type":"at_biz_dir","link":"https:\/\/www.cafeygourmet.com\/negocios-247\/Expositores\/euro-te\/","title":{"rendered":"EURO TE"},"content":{"rendered":"<p>EURO TE es una empresa mexicana creada en 1996 por la Tea Master Olivia Medina, su fundaci\u00f3n se inspir\u00f3 en la idea de traer lo mejor del mundo del T\u00e9 a M\u00e9xico y difundir la cultura de esta bebida milenaria. Contamos con m\u00e1s de 200 variedades de T\u00e9s y Tisanas de hoja suelta, adem\u00e1s de accesorios y regalos para preparar y servir T\u00e9. Ofrecemos calidad excepcional a precio competitivo. Importamos directo de origen (sin intermediarios) cada 3 meses, por lo que el T\u00e9 siempre es fresco. Desde hace 29 a\u00f1os, EURO TE ha marcado la pauta con el cat\u00e1logo m\u00e1s amplio y vers\u00e1til del mercado. Somos expertos en llevar el arte del T\u00e9 a todo tipo de negocios: cafeter\u00edas, restaurantes, hoteles, spas y concept stores que buscan destacarse con calidad, innovaci\u00f3n y rentabilidad. Queremos ense\u00f1ar a todos los que beben y disfrutan del T\u00e9 todo sobre su fascinante mundo, brind\u00e1ndoles paz, salud y sabor en cada taza de T\u00e9.<\/p>\n","protected":false},"author":3,"comment_status":"closed","ping_status":"closed","template":"","atbdp_listing_types":[2],"at_biz_dir-category":[5,68],"at_biz_dir-location":[],"at_biz_dir-tags":[],"class_list":["post-5019","at_biz_dir","type-at_biz_dir","status-publish","has-post-thumbnail","hentry","atbdp_listing_types-general","at_biz_dir-category-accesorios-gourmet","at_biz_dir-category-todas-las-categorias"],"yoast_head":"<!-- This site is optimized with the Yoast SEO plugin v27.5 - https:\/\/yoast.com\/product\/yoast-seo-wordpress\/ -->\n<title>EURO TE - Negocios 24\/7 - Expo Caf\u00e9 y Gourmet Guadalajara<\/title>\n<meta name=\"robots\" content=\"index, follow, max-snippet:-1, max-image-preview:large, max-video-preview:-1\" \/>\n<link rel=\"canonical\" href=\"https:\/\/www.cafeygourmet.com\/negocios-247\/Expositores\/euro-te\/\" \/>\n<meta property=\"og:locale\" content=\"es_ES\" \/>\n<meta property=\"og:type\" content=\"article\" \/>\n<meta property=\"og:title\" content=\"EURO TE - Negocios 24\/7 - Expo Caf\u00e9 y Gourmet Guadalajara\" \/>\n<meta property=\"og:description\" content=\"EURO TE es una empresa mexicana creada en 1996 por la Tea Master Olivia Medina, su fundaci\u00f3n se inspir\u00f3 en la idea de traer lo mejor del mundo del T\u00e9 a M\u00e9xico y difundir la cultura de esta bebida milenaria. Contamos con m\u00e1s de 200 variedades de T\u00e9s y Tisanas de hoja suelta, adem\u00e1s de Read More\" \/>\n<meta property=\"og:url\" content=\"https:\/\/www.cafeygourmet.com\/negocios-247\/Expositores\/euro-te\/\" \/>\n<meta property=\"og:site_name\" content=\"Negocios 24\/7 - Expo Caf\u00e9 y Gourmet Guadalajara\" \/>\n<meta property=\"article:modified_time\" content=\"2026-01-23T22:18:51+00:00\" \/>\n<meta property=\"og:image\" content=\"https:\/\/www.cafeygourmet.com\/negocios-247\/wp-content\/uploads\/2026\/01\/50_Logo-Euro-Te.png\" \/>\n\t<meta property=\"og:image:width\" content=\"495\" \/>\n\t<meta property=\"og:image:height\" content=\"430\" \/>\n\t<meta property=\"og:image:type\" content=\"image\/png\" \/>\n<meta name=\"twitter:card\" content=\"summary_large_image\" \/>\n<meta name=\"twitter:label1\" content=\"Tiempo de lectura\" \/>\n\t<meta name=\"twitter:data1\" content=\"1 minuto\" \/>\n<script type=\"application\/ld+json\" class=\"yoast-schema-graph\">{\"@context\":\"https:\\\/\\\/schema.org\",\"@graph\":[{\"@type\":\"WebPage\",\"@id\":\"https:\\\/\\\/www.cafeygourmet.com\\\/negocios-247\\\/Expositores\\\/euro-te\\\/\",\"url\":\"https:\\\/\\\/www.cafeygourmet.com\\\/negocios-247\\\/Expositores\\\/euro-te\\\/\",\"name\":\"EURO TE - Negocios 24\\\/7 - Expo Caf\u00e9 y Gourmet Guadalajara\",\"isPartOf\":{\"@id\":\"https:\\\/\\\/www.cafeygourmet.com\\\/negocios-247\\\/#website\"},\"primaryImageOfPage\":{\"@id\":\"https:\\\/\\\/www.cafeygourmet.com\\\/negocios-247\\\/Expositores\\\/euro-te\\\/#primaryimage\"},\"image\":{\"@id\":\"https:\\\/\\\/www.cafeygourmet.com\\\/negocios-247\\\/Expositores\\\/euro-te\\\/#primaryimage\"},\"thumbnailUrl\":\"https:\\\/\\\/www.cafeygourmet.com\\\/negocios-247\\\/wp-content\\\/uploads\\\/2026\\\/01\\\/50_Logo-Euro-Te.png\",\"datePublished\":\"2026-01-23T19:37:34+00:00\",\"dateModified\":\"2026-01-23T22:18:51+00:00\",\"breadcrumb\":{\"@id\":\"https:\\\/\\\/www.cafeygourmet.com\\\/negocios-247\\\/Expositores\\\/euro-te\\\/#breadcrumb\"},\"inLanguage\":\"es\",\"potentialAction\":[{\"@type\":\"ReadAction\",\"target\":[\"https:\\\/\\\/www.cafeygourmet.com\\\/negocios-247\\\/Expositores\\\/euro-te\\\/\"]}]},{\"@type\":\"ImageObject\",\"inLanguage\":\"es\",\"@id\":\"https:\\\/\\\/www.cafeygourmet.com\\\/negocios-247\\\/Expositores\\\/euro-te\\\/#primaryimage\",\"url\":\"https:\\\/\\\/www.cafeygourmet.com\\\/negocios-247\\\/wp-content\\\/uploads\\\/2026\\\/01\\\/50_Logo-Euro-Te.png\",\"contentUrl\":\"https:\\\/\\\/www.cafeygourmet.com\\\/negocios-247\\\/wp-content\\\/uploads\\\/2026\\\/01\\\/50_Logo-Euro-Te.png\",\"width\":495,\"height\":430},{\"@type\":\"BreadcrumbList\",\"@id\":\"https:\\\/\\\/www.cafeygourmet.com\\\/negocios-247\\\/Expositores\\\/euro-te\\\/#breadcrumb\",\"itemListElement\":[{\"@type\":\"ListItem\",\"position\":1,\"name\":\"Inicio\",\"item\":\"https:\\\/\\\/www.cafeygourmet.com\\\/negocios-247\\\/\"},{\"@type\":\"ListItem\",\"position\":2,\"name\":\"EURO TE\"}]},{\"@type\":\"WebSite\",\"@id\":\"https:\\\/\\\/www.cafeygourmet.com\\\/negocios-247\\\/#website\",\"url\":\"https:\\\/\\\/www.cafeygourmet.com\\\/negocios-247\\\/\",\"name\":\"Negocios 24\\\/7 - Expo Caf\u00e9 y Gourmet Guadalajara\",\"description\":\"Negocios 24\\\/7 - Expo Caf\u00e9 y Gourmet Guadalajara\",\"publisher\":{\"@id\":\"https:\\\/\\\/www.cafeygourmet.com\\\/negocios-247\\\/#organization\"},\"potentialAction\":[{\"@type\":\"SearchAction\",\"target\":{\"@type\":\"EntryPoint\",\"urlTemplate\":\"https:\\\/\\\/www.cafeygourmet.com\\\/negocios-247\\\/?s={search_term_string}\"},\"query-input\":{\"@type\":\"PropertyValueSpecification\",\"valueRequired\":true,\"valueName\":\"search_term_string\"}}],\"inLanguage\":\"es\"},{\"@type\":\"Organization\",\"@id\":\"https:\\\/\\\/www.cafeygourmet.com\\\/negocios-247\\\/#organization\",\"name\":\"Negocios 24\\\/7 - Expo Caf\u00e9 y Gourmet Guadalajara\",\"url\":\"https:\\\/\\\/www.cafeygourmet.com\\\/negocios-247\\\/\",\"logo\":{\"@type\":\"ImageObject\",\"inLanguage\":\"es\",\"@id\":\"https:\\\/\\\/www.cafeygourmet.com\\\/negocios-247\\\/#\\\/schema\\\/logo\\\/image\\\/\",\"url\":\"https:\\\/\\\/www.cafeygourmet.com\\\/negocios-247\\\/wp-content\\\/uploads\\\/2026\\\/02\\\/cropped-logo-cafe-gourmet-2026-marzo.png\",\"contentUrl\":\"https:\\\/\\\/www.cafeygourmet.com\\\/negocios-247\\\/wp-content\\\/uploads\\\/2026\\\/02\\\/cropped-logo-cafe-gourmet-2026-marzo.png\",\"width\":458,\"height\":159,\"caption\":\"Negocios 24\\\/7 - Expo Caf\u00e9 y Gourmet Guadalajara\"},\"image\":{\"@id\":\"https:\\\/\\\/www.cafeygourmet.com\\\/negocios-247\\\/#\\\/schema\\\/logo\\\/image\\\/\"}}]}<\/script>\n<!-- \/ Yoast SEO plugin. -->","yoast_head_json":{"title":"EURO TE - Negocios 24\/7 - Expo Caf\u00e9 y Gourmet Guadalajara","robots":{"index":"index","follow":"follow","max-snippet":"max-snippet:-1","max-image-preview":"max-image-preview:large","max-video-preview":"max-video-preview:-1"},"canonical":"https:\/\/www.cafeygourmet.com\/negocios-247\/Expositores\/euro-te\/","og_locale":"es_ES","og_type":"article","og_title":"EURO TE - Negocios 24\/7 - Expo Caf\u00e9 y Gourmet Guadalajara","og_description":"EURO TE es una empresa mexicana creada en 1996 por la Tea Master Olivia Medina, su fundaci\u00f3n se inspir\u00f3 en la idea de traer lo mejor del mundo del T\u00e9 a M\u00e9xico y difundir la cultura de esta bebida milenaria. Contamos con m\u00e1s de 200 variedades de T\u00e9s y Tisanas de hoja suelta, adem\u00e1s de Read More","og_url":"https:\/\/www.cafeygourmet.com\/negocios-247\/Expositores\/euro-te\/","og_site_name":"Negocios 24\/7 - Expo Caf\u00e9 y Gourmet Guadalajara","article_modified_time":"2026-01-23T22:18:51+00:00","og_image":[{"width":495,"height":430,"url":"https:\/\/www.cafeygourmet.com\/negocios-247\/wp-content\/uploads\/2026\/01\/50_Logo-Euro-Te.png","type":"image\/png"}],"twitter_card":"summary_large_image","twitter_misc":{"Tiempo de lectura":"1 minuto"},"schema":{"@context":"https:\/\/schema.org","@graph":[{"@type":"WebPage","@id":"https:\/\/www.cafeygourmet.com\/negocios-247\/Expositores\/euro-te\/","url":"https:\/\/www.cafeygourmet.com\/negocios-247\/Expositores\/euro-te\/","name":"EURO TE - Negocios 24\/7 - Expo Caf\u00e9 y Gourmet Guadalajara","isPartOf":{"@id":"https:\/\/www.cafeygourmet.com\/negocios-247\/#website"},"primaryImageOfPage":{"@id":"https:\/\/www.cafeygourmet.com\/negocios-247\/Expositores\/euro-te\/#primaryimage"},"image":{"@id":"https:\/\/www.cafeygourmet.com\/negocios-247\/Expositores\/euro-te\/#primaryimage"},"thumbnailUrl":"https:\/\/www.cafeygourmet.com\/negocios-247\/wp-content\/uploads\/2026\/01\/50_Logo-Euro-Te.png","datePublished":"2026-01-23T19:37:34+00:00","dateModified":"2026-01-23T22:18:51+00:00","breadcrumb":{"@id":"https:\/\/www.cafeygourmet.com\/negocios-247\/Expositores\/euro-te\/#breadcrumb"},"inLanguage":"es","potentialAction":[{"@type":"ReadAction","target":["https:\/\/www.cafeygourmet.com\/negocios-247\/Expositores\/euro-te\/"]}]},{"@type":"ImageObject","inLanguage":"es","@id":"https:\/\/www.cafeygourmet.com\/negocios-247\/Expositores\/euro-te\/#primaryimage","url":"https:\/\/www.cafeygourmet.com\/negocios-247\/wp-content\/uploads\/2026\/01\/50_Logo-Euro-Te.png","contentUrl":"https:\/\/www.cafeygourmet.com\/negocios-247\/wp-content\/uploads\/2026\/01\/50_Logo-Euro-Te.png","width":495,"height":430},{"@type":"BreadcrumbList","@id":"https:\/\/www.cafeygourmet.com\/negocios-247\/Expositores\/euro-te\/#breadcrumb","itemListElement":[{"@type":"ListItem","position":1,"name":"Inicio","item":"https:\/\/www.cafeygourmet.com\/negocios-247\/"},{"@type":"ListItem","position":2,"name":"EURO TE"}]},{"@type":"WebSite","@id":"https:\/\/www.cafeygourmet.com\/negocios-247\/#website","url":"https:\/\/www.cafeygourmet.com\/negocios-247\/","name":"Negocios 24\/7 - Expo Caf\u00e9 y Gourmet Guadalajara","description":"Negocios 24\/7 - Expo Caf\u00e9 y Gourmet Guadalajara","publisher":{"@id":"https:\/\/www.cafeygourmet.com\/negocios-247\/#organization"},"potentialAction":[{"@type":"SearchAction","target":{"@type":"EntryPoint","urlTemplate":"https:\/\/www.cafeygourmet.com\/negocios-247\/?s={search_term_string}"},"query-input":{"@type":"PropertyValueSpecification","valueRequired":true,"valueName":"search_term_string"}}],"inLanguage":"es"},{"@type":"Organization","@id":"https:\/\/www.cafeygourmet.com\/negocios-247\/#organization","name":"Negocios 24\/7 - Expo Caf\u00e9 y Gourmet Guadalajara","url":"https:\/\/www.cafeygourmet.com\/negocios-247\/","logo":{"@type":"ImageObject","inLanguage":"es","@id":"https:\/\/www.cafeygourmet.com\/negocios-247\/#\/schema\/logo\/image\/","url":"https:\/\/www.cafeygourmet.com\/negocios-247\/wp-content\/uploads\/2026\/02\/cropped-logo-cafe-gourmet-2026-marzo.png","contentUrl":"https:\/\/www.cafeygourmet.com\/negocios-247\/wp-content\/uploads\/2026\/02\/cropped-logo-cafe-gourmet-2026-marzo.png","width":458,"height":159,"caption":"Negocios 24\/7 - Expo Caf\u00e9 y Gourmet Guadalajara"},"image":{"@id":"https:\/\/www.cafeygourmet.com\/negocios-247\/#\/schema\/logo\/image\/"}}]}},"_links":{"self":[{"href":"https:\/\/www.cafeygourmet.com\/negocios-247\/wp-json\/wp\/v2\/at_biz_dir\/5019","targetHints":{"allow":["GET"]}}],"collection":[{"href":"https:\/\/www.cafeygourmet.com\/negocios-247\/wp-json\/wp\/v2\/at_biz_dir"}],"about":[{"href":"https:\/\/www.cafeygourmet.com\/negocios-247\/wp-json\/wp\/v2\/types\/at_biz_dir"}],"author":[{"embeddable":true,"href":"https:\/\/www.cafeygourmet.com\/negocios-247\/wp-json\/wp\/v2\/users\/3"}],"replies":[{"embeddable":true,"href":"https:\/\/www.cafeygourmet.com\/negocios-247\/wp-json\/wp\/v2\/comments?post=5019"}],"wp:featuredmedia":[{"embeddable":true,"href":"https:\/\/www.cafeygourmet.com\/negocios-247\/wp-json\/wp\/v2\/media\/5107"}],"wp:attachment":[{"href":"https:\/\/www.cafeygourmet.com\/negocios-247\/wp-json\/wp\/v2\/media?parent=5019"}],"wp:term":[{"taxonomy":"atbdp_listing_types","embeddable":true,"href":"https:\/\/www.cafeygourmet.com\/negocios-247\/wp-json\/wp\/v2\/atbdp_listing_types?post=5019"},{"taxonomy":"at_biz_dir-category","embeddable":true,"href":"https:\/\/www.cafeygourmet.com\/negocios-247\/wp-json\/wp\/v2\/at_biz_dir-category?post=5019"},{"taxonomy":"at_biz_dir-location","embeddable":true,"href":"https:\/\/www.cafeygourmet.com\/negocios-247\/wp-json\/wp\/v2\/at_biz_dir-location?post=5019"},{"taxonomy":"at_biz_dir-tags","embeddable":true,"href":"https:\/\/www.cafeygourmet.com\/negocios-247\/wp-json\/wp\/v2\/at_biz_dir-tags?post=5019"}],"curies":[{"name":"wp","href":"https:\/\/api.w.org\/{rel}","templated":true}]}}